{"id":118426,"date":"2023-09-28T12:50:44","date_gmt":"2023-09-28T10:50:44","guid":{"rendered":"http:\/\/czlowiekwpracy.pl\/?page_id=118426"},"modified":"2023-10-10T12:59:42","modified_gmt":"2023-10-10T10:59:42","slug":"118426-2","status":"publish","type":"page","link":"http:\/\/czlowiekwpracy.pl\/?page_id=118426","title":{"rendered":"ZWI\u0104ZKI ZAWODOWE <BR> DZI\u015a I JUTRO"},"content":{"rendered":"<section class=\"wpb-content-wrapper\"><p>[vc_row unlock_row_content=&#8221;yes&#8221; row_height_percent=&#8221;0&#8243; override_padding=&#8221;yes&#8221; h_padding=&#8221;5&#8243; top_padding=&#8221;2&#8243; bottom_padding=&#8221;3&#8243; overlay_alpha=&#8221;50&#8243; gutter_size=&#8221;3&#8243; column_width_percent=&#8221;100&#8243; shift_y=&#8221;0&#8243; z_index=&#8221;0&#8243; uncode_shortcode_id=&#8221;106913&#8243;][vc_column column_width_percent=&#8221;100&#8243; gutter_size=&#8221;3&#8243; overlay_alpha=&#8221;50&#8243; shift_x=&#8221;0&#8243; shift_y=&#8221;0&#8243; shift_y_down=&#8221;0&#8243; z_index=&#8221;0&#8243; medium_width=&#8221;0&#8243; mobile_width=&#8221;0&#8243; width=&#8221;1\/1&#8243; uncode_shortcode_id=&#8221;815386&#8243;][vc_column_text uncode_shortcode_id=&#8221;100554&#8243;]<strong>W Polsce spo\u0142eczny i obywatelski potencja\u0142 zwi\u0105zk\u00f3w zawodowych wci\u0105\u017c czeka na w\u0142a\u015bciwe docenienie.<br \/>\n<\/strong>Istniej\u0105 powa\u017cne podstawy do twierdzenia, \u017ce to w\u0142a\u015bnie zwi\u0105zki zawodowe sta\u0107 si\u0119 mog\u0105 jedn\u0105 z najwa\u017cniejszych zorganizowanych si\u0142 spo\u0142ecznych odgrywaj\u0105cych modernizacyjn\u0105 i humanizuj\u0105c\u0105 rol\u0119 w polskim systemie gospodarczym i politycznym, przyczyniaj\u0105c si\u0119 do bardziej sprawiedliwego charakteru wzrostu gospodarczego, dbaj\u0105cego o zdrowie, bezpiecze\u0144stwo i dobrostan spo\u0142eczny, stanowi\u0105cego kluczow\u0105 si\u0142\u0119 zabezpieczaj\u0105c\u0105 prawa cz\u0142owieka, godno\u015b\u0107 pracownicz\u0105 i stwarzaj\u0105c\u0105 warunki do rozwoju w zakresie osobistych, obywatelskich i gospodarczych cel\u00f3w ludzi.<\/p>\n<p><strong>Polski system spo\u0142eczno-gospodarczy natrafia na szereg barier rozwojowych<\/strong>. Nale\u017c\u0105 do nich m.in. szybkie starzenie si\u0119 spo\u0142ecze\u0144stwa i inne niekorzystne tendencje demograficzne (w tym emigracja zarobkowa), pu\u0142apka \u015bredniego wzrostu, braki kadrowe w rosn\u0105cej liczbie bran\u017c i dziedzin, nier\u00f3wnomierny rozw\u00f3j przestrzenny i prognozowana zapa\u015b\u0107 ca\u0142ych region\u00f3w. Stoimy r\u00f3wnie\u017c w obliczu powa\u017cnych wyzwa\u0144 cywilizacyjno-rozwojowych, jak transformacja energetyczna i przeprowadzenie jej w spos\u00f3b odpowiedzialny spo\u0142ecznie. Pandemia koronawirusa dodatkowo obna\u017cy\u0142a liczne s\u0142abo\u015bci systemowe, m.in. powa\u017cne problemy w systemie opieki zdrowotnej. Na te wszystkie wyzwania nasz kraj b\u0119dzie musia\u0142 znale\u017a\u0107 odpowiedzi. Po pierwsze, wydaje si\u0119, \u017ce neoliberalne recepty zawiod\u0142y. Po drugie, uwa\u017camy, \u017ce zwi\u0105zki zawodowe, czyli zbiorowa reprezentacja \u015bwiata pracy, a wi\u0119c arytmetycznej wi\u0119kszo\u015bci os\u00f3b doros\u0142ych i w wieku produkcyjnym, s\u0105 jednym z najwa\u017cniejszych podmiot\u00f3w w poszukiwaniu odpowiedzi na wspomniane wyzwania i problemy.<\/p>\n<p><strong>Pomimo spadku tzw. wska\u017anika uzwi\u0105zkowienia w Polsce, zaufanie do podejmowanych przez zwi\u0105zki zawodowe dzia\u0142a\u0144 wydaje si\u0119 by\u0107 wi\u0119ksze ni\u017c wynika\u0142oby to ze stereotypowych przekona\u0144<\/strong>. Wed\u0142ug bada\u0144 Employment Outlook (2019) wynosi ono prawie 70 proc. i jest wy\u017csze ni\u017c \u015brednia dla kraj\u00f3w OECD. Wydaje si\u0119 tak\u017ce, i\u017c wraz z przeobra\u017ceniami dyskursu publicznego i odej\u015bciem od neoliberalizmu, postrzeganie zwi\u0105zk\u00f3w zawodowych b\u0119dzie bardziej pozytywne.<\/p>\n<p>Okazuje si\u0119, \u017ce przynale\u017cno\u015b\u0107 zwi\u0105zkowa oznacza wi\u0119ksz\u0105 aktywno\u015b\u0107 spo\u0142eczn\u0105 i obywatelsk\u0105 tak\u017ce na innych polach. Tylko 10,4 proc. mieszkaj\u0105cych w Polsce zrzeszonych jest w jakiejkolwiek organizacji. W przypadku zwi\u0105zkowc\u00f3w odsetek ten jest ponad 2,5 razy wy\u017cszy i wynosi 26,7 proc. Podobne tendencje obserwujemy w odniesieniu do nieodp\u0142atnej aktywno\u015bci na rzecz swojego \u015brodowiska, ko\u015bcio\u0142a lub osiedla, gdzie aktywno\u015b\u0107 wykazuje a\u017c 51,1 proc. zwi\u0105zkowc\u00f3w (dla por\u00f3wnania w przypadku niezrzeszonych wynosi on nieca\u0142e 30 proc.). <strong>W grupie wiekowej 18-34 a\u017c 54,1% badanych uwa\u017ca, \u017ce wp\u0142yw zwi\u0105zk\u00f3w zawodowych na decyzje w\u0142adz jest zbyt ma\u0142y<\/strong>. Zmienia si\u0119 tak\u017ce oczekiwany profil dzia\u0142alno\u015bci zwi\u0105zk\u00f3w w kierunku rozszerzenia katalogu wsparcia pracownik\u00f3w bez wzgl\u0119du na rodzaj wykonywanej pracy i form\u0119 umowy, uwzgl\u0119dnianie wyzwa\u0144 zwi\u0105zanych z cyfryzacj\u0105, doradztwem zawodowym, psychospo\u0142ecznymi uwarunkowaniami \u015brodowiska pracy (dane za: Magda Matysiak, Piotr Ostrowski, Dominik Owczarek, <em>Zwi\u0105zki zawodowe w odbiorze spo\u0142ecznym. Raport z bada\u0144 ankietowych w sze\u015bciu krajach<\/em>, 2018).<\/p>\n<p>Christophe Degryse z <strong>Europejskiego Instytutu Zwi\u0105zk\u00f3w Zawodowych (ETUI) <\/strong>kre\u015bli przed zwi\u0105zkami trzy scenariusze:<\/p>\n<div style=\"border: 1px solid #dddddd; margin: 20px 0px; padding: 20px 20px;\">\n<p><strong>Scenariusz 1:<br \/>\n<\/strong>Przynie\u015b\u0107 mo\u017ce p\u0142acenie ceny za dotychczasowe zaniedbania w zakresie ochrony \u015brodowiska i nier\u00f3wno\u015bci spo\u0142ecznych. Przy s\u0142abo\u015bci instytucji pa\u0144stwowych post\u0119powa\u0142a b\u0119dzie dominacja mi\u0119dzynarodowych korporacji.Zwi\u0105zki, o ile nie ulegn\u0105 zanikowi, ucierpi\u0105 z powodu braku wiarygodno\u015bci, jako instytucje, kt\u00f3re nie potrafi\u0142y zapobiec post\u0119puj\u0105cemu rozwarstwieniu spo\u0142ecznemu i prekaryzacji pracy.<\/p>\n<hr \/>\n<p><strong>Scenariusz 2:<br \/>\n<\/strong>Modele produkcji i pe\u0142nienia w\u0142adzy politycznej ulegaj\u0105 zmianom w celu sprostania wyzwaniom klimatycznym i spo\u0142ecznym. Priorytetem staje si\u0119 zr\u00f3wnowa\u017cona produkcja, energetyka odnawialna, gospodarka o obiegu zamkni\u0119tym. Zwi\u0105zki zawodowe zyskuj\u0105 na znaczeniu jako instytucje, kt\u00f3re mog\u0105 po\u015bredniczy\u0107 w tworzeniu koalicji polityczno-biznesowej na rzecz zmian.<\/p>\n<hr \/>\n<p><strong>Scenariusz 3:<br \/>\n<\/strong>Nast\u0119puje rozpad dotychczasowego porz\u0105dku ekonomiczno-politycznego wskutek kryzysu gospodarczego i niepokoj\u00f3w spo\u0142ecznych. Forma dzia\u0142alno\u015bci zwi\u0105zk\u00f3w zawodowych zostanie w\u00f3wczas uelastyczniona i b\u0119dzie mia\u0142a charakter bardziej przygodny i zadaniowy. Zwi\u0105zki zwi\u0119ksz\u0105 swoje zaanga\u017cowanie w obszarach takich jak jako\u015b\u0107 \u017cycia, zdrowia, mieszkalnictwo.<\/p>\n<\/div>\n<p>Z kolei w analizie <strong>Mi\u0119dzynarodowej Organizacji Pracy <\/strong>(MOP), Jelle Visser sygnalizuje cztery potencjalne \u015bcie\u017cki przysz\u0142o\u015bci zwi\u0105zk\u00f3w zawodowych:<\/p>\n<div style=\"border: 1px solid #dddddd; padding: 20px 20px; margin: 20px 0px;\">\n<p><strong>\u015acie\u017cka 1:<br \/>\n<\/strong><strong>Stopniowa marginalizacja <\/strong>przebiegaj\u0105ca w oparciu o obecne trendy w zakresie dalszej liberalizacji kapita\u0142u od wp\u0142yw\u00f3w organizacji reprezentuj\u0105cych pracownik\u00f3w, pa\u0144stw narodowych i mi\u0119dzynarodowych zobowi\u0105za\u0144.<\/p>\n<hr \/>\n<p><strong>\u015acie\u017cka 2:<br \/>\n<\/strong><strong>Dualizm dzia\u0142alno\u015bci <\/strong>zwi\u0105zk\u00f3w zawodowych, kt\u00f3re broni\u0107 b\u0119d\u0105 swojej pozycji w miejscach, gdzie uznawane s\u0105 obecnie<br \/>\nza silne, czyli du\u017ce przedsi\u0119biorstwa, pracownicy przemys\u0142u i logistyki, sektor publiczny oraz us\u0142ugi spo\u0142eczne. W warunkach rosn\u0105cej niestabilno\u015bci pracy oznacza to polaryzacj\u0119 mi\u0119dzy przedsi\u0119biorstwami i instytucjami uzwi\u0105zkowionymi oraz ca\u0142\u0105 reszt\u0105 gospodarki.<\/p>\n<hr \/>\n<p><strong>\u015acie\u017cka 3:<br \/>\n<\/strong><strong>Zamiana r\u00f3l <\/strong>polegaj\u0105ca na przekazywaniu funkcji pe\u0142nionych przez zwi\u0105zki zawodowe innym formom instytucjonalnych rozwi\u0105za\u0144, np. samoregulacji przedsi\u0119biorstw, organizacji przedsi\u0119biorc\u00f3w, kodeks\u00f3w etycznych, paneli konsultacyjnych, instytucji dialogu i partycypacji pracowniczej, nowym modelom zarz\u0105dzania uwzgl\u0119dniaj\u0105cym po\u015brednictwo agencji pracy, doradztwo zawodowe, etc.<\/p>\n<hr \/>\n<p><strong>\u015acie\u017cka 4:<br \/>\n<\/strong><strong>Rewitalizacja <\/strong>polegaj\u0105ca na odnalezieniu sposobu na wzmocnienie roli zwi\u0105zk\u00f3w w obszarach obecnego zaanga\u017cowania, prowadz\u0105cego do odwr\u00f3cenia trend\u00f3w, od\u015bwie\u017ceniu formu\u0142y dzia\u0142ania i uzyskania zdolno\u015bci do przekroczenia paradygmatu dzia\u0142ania opartego na obecnej bazie cz\u0142onkowskiej. Kluczowym wyzwaniem w tym scenariuszu s\u0105 kompetencje organizowania si\u0119 wspieraj\u0105ce pracownik\u00f3w w najbardziej niestabilnych obszarach gospodarki cyfrowej.<\/p>\n<\/div>\n<p style=\"padding: 20px 20px; background-color: #f5f5f5;\">Projekt realizowany by\u0142 przez organizacje reprezentuj\u0105ce nieco odmienne perspektywy \u2013 pismo <strong>\u201eNowy Obywatel\u201d <\/strong>oraz <strong>Komitet Dialogu Spo\u0142ecznego Krajowej Izby Gospodarczej<\/strong>. Dostrzegaj\u0105c du\u017cy potencja\u0142 spo\u0142eczny, obywatelski i gospodarczy tkwi\u0105cy w organizacjach zwi\u0105zkowych, podj\u0119li\u015bmy si\u0119 zbadania metod dzia\u0142ania takich \u015brodowisk. Zamierzali\u015bmy rozpozna\u0107 kondycj\u0119, problemy i wyzwania stoj\u0105ce przed zwi\u0105zkami zawodowymi w Polsce. Chcieli\u015bmy tak\u017ce odpowiedzie\u0107 na pytanie, na ile opisane wy\u017cej scenariusze rewitalizacji i wzmacniania roli zwi\u0105zk\u00f3w zawodowych posiadaj\u0105 podstawy w zdolno\u015bciach organizowania i mobilizowania ludzi w codziennej dzia\u0142alno\u015bci zwi\u0105zkowej w Polsce trzeciej dekady XXI wieku.<\/p>\n<p>Nasz projekt badawczo-popularyzatorski polega\u0142 przede wszystkim na przeprowadzeniu <strong>pog\u0142\u0119bionych wywiad\u00f3w z przedstawicielkami i przedstawicielami r\u00f3\u017cnych zwi\u0105zk\u00f3w zawodowych<\/strong>, na temat propagowania idei zrzeszania si\u0119 w zwi\u0105zkach, pozyskiwania nowych cz\u0142onk\u00f3w, tworzenia struktur w nowych bran\u017cach, aktywizowania zrzeszonych os\u00f3b w celu upominania si\u0119 o prawa pracownicze czy partycypowania we wp\u0142ywie na podmiot zatrudniaj\u0105cy. Dope\u0142nieniem przeprowadzonych rozm\u00f3w by\u0142a <strong>analiza dotycz\u0105ca wizerunku zwi\u0105zk\u00f3w zawodowych w mediach<\/strong>, ukazuj\u0105c\u0105 jak w ci\u0105gu kilku ostatnich lat przedstawiano w popularnych mediach zwi\u0105zki zawodowe i ich dzia\u0142ania, jakie formy aktywno\u015bci zwi\u0105zk\u00f3w budzi\u0142y kontrowersje, a kt\u00f3re spotyka\u0142y si\u0119 z uznaniem.<\/p>\n<p>Na podstawie przeprowadzonych wywiad\u00f3w oraz analizy wizerunku zwi\u0105zk\u00f3w zawodowych w mediach powsta\u0142 raport \u201e<a href=\"http:\/\/czlowiekwpracy.pl\/wp-content\/uploads\/2023\/10\/Zwiazki-zawodowe-dzis-i-jutro-%E2%80%93-raport-z-badan_pop.pdf\"><strong>ZWI\u0104ZKI ZAWODOWE DZI\u015a I JUTRO<\/strong><\/a>\u201d z najwa\u017cniejszymi wnioskami, dobrymi praktykami i rekomendacjami.<\/p>\n<p>Zapraszamy do lektury!<\/p>\n<p>Zesp\u00f3\u0142 projektowy:<\/p>\n<p><strong>Nowy Obywatel<br \/>\n<\/strong><em>Remigiusz Okraska<\/em>, redaktor naczelny pisma; <em>Szymon Majewski<\/em>, autor licznych wywiad\u00f3w pog\u0142\u0119bionych<\/p>\n<p><strong>Komitet Dialogu Spo\u0142ecznego KIG<br \/>\n<\/strong>Zesp\u00f3\u0142 inicjatywy \u201eCz\u0142owiek w pracy\u201d:<em> Bartosz Bartosik, Magdalena Bigaj<\/em>,<em> dr Konrad Ciesio\u0142kiewicz<\/em> (przewodnicz\u0105cy)<em>, Anna Tarnawska<\/em> (sekretarz)[\/vc_column_text][vc_empty_space empty_h=&#8221;2&#8243;][vc_button button_color=&#8221;accent&#8221; radius=&#8221;btn-circle&#8221; hover_fx=&#8221;outlined&#8221; text_skin=&#8221;yes&#8221; border_width=&#8221;0&#8243; display=&#8221;inline&#8221; top_margin=&#8221;yes&#8221; uncode_shortcode_id=&#8221;194370&#8243; link=&#8221;url:http%3A%2F%2Fczlowiekwpracy.pl%2F&#8221; button_color_type=&#8221;uncode-palette&#8221;]POWR\u00d3T[\/vc_button][\/vc_column][\/vc_row]<\/p>\n<\/section>","protected":false},"excerpt":{"rendered":"<p>Projekt badawczo-popularyzatorski<\/p>\n","protected":false},"author":1,"featured_media":0,"parent":0,"menu_order":0,"comment_status":"closed","ping_status":"closed","template":"","meta":{"footnotes":""},"_links":{"self":[{"href":"http:\/\/czlowiekwpracy.pl\/index.php?rest_route=\/wp\/v2\/pages\/118426"}],"collection":[{"href":"http:\/\/czlowiekwpracy.pl\/index.php?rest_route=\/wp\/v2\/pages"}],"about":[{"href":"http:\/\/czlowiekwpracy.pl\/index.php?rest_route=\/wp\/v2\/types\/page"}],"author":[{"embeddable":true,"href":"http:\/\/czlowiekwpracy.pl\/index.php?rest_route=\/wp\/v2\/users\/1"}],"replies":[{"embeddable":true,"href":"http:\/\/czlowiekwpracy.pl\/index.php?rest_route=%2Fwp%2Fv2%2Fcomments&post=118426"}],"version-history":[{"count":0,"href":"http:\/\/czlowiekwpracy.pl\/index.php?rest_route=\/wp\/v2\/pages\/118426\/revisions"}],"wp:attachment":[{"href":"http:\/\/czlowiekwpracy.pl\/index.php?rest_route=%2Fwp%2Fv2%2Fmedia&parent=118426"}],"curies":[{"name":"wp","href":"https:\/\/api.w.org\/{rel}","templated":true}]}}